{"version":"1.0","provider_name":"UR International DE","provider_url":"https:\/\/urvistahermosainternational.com\/de","title":"Konferenz \u00fcber das Fragiles-X-Syndrom - UR International DE","type":"rich","width":600,"height":338,"html":"<blockquote class=\"wp-embedded-content\" data-secret=\"L2SauK8Oqm\"><a href=\"https:\/\/urvistahermosainternational.com\/de\/2013\/03\/23\/konferenz-uber-das-fragiles-x-syndrom\/\">Konferenz \u00fcber das Fragiles-X-Syndrom<\/a><\/blockquote><iframe sandbox=\"allow-scripts\" security=\"restricted\" src=\"https:\/\/urvistahermosainternational.com\/de\/2013\/03\/23\/konferenz-uber-das-fragiles-x-syndrom\/embed\/#?secret=L2SauK8Oqm\" width=\"600\" height=\"338\" title=\"&#8222;Konferenz \u00fcber das Fragiles-X-Syndrom&#8220; &#8211; UR International DE\" data-secret=\"L2SauK8Oqm\" frameborder=\"0\" marginwidth=\"0\" marginheight=\"0\" scrolling=\"no\" class=\"wp-embedded-content\"><\/iframe><script>\n\/*! This file is auto-generated *\/\n!function(d,l){\"use strict\";l.querySelector&&d.addEventListener&&\"undefined\"!=typeof URL&&(d.wp=d.wp||{},d.wp.receiveEmbedMessage||(d.wp.receiveEmbedMessage=function(e){var t=e.data;if((t||t.secret||t.message||t.value)&&!\/[^a-zA-Z0-9]\/.test(t.secret)){for(var s,r,n,a=l.querySelectorAll('iframe[data-secret=\"'+t.secret+'\"]'),o=l.querySelectorAll('blockquote[data-secret=\"'+t.secret+'\"]'),c=new RegExp(\"^https?:$\",\"i\"),i=0;i<o.length;i++)o[i].style.display=\"none\";for(i=0;i<a.length;i++)s=a[i],e.source===s.contentWindow&&(s.removeAttribute(\"style\"),\"height\"===t.message?(1e3<(r=parseInt(t.value,10))?r=1e3:~~r<200&&(r=200),s.height=r):\"link\"===t.message&&(r=new URL(s.getAttribute(\"src\")),n=new URL(t.value),c.test(n.protocol))&&n.host===r.host&&l.activeElement===s&&(d.top.location.href=t.value))}},d.addEventListener(\"message\",d.wp.receiveEmbedMessage,!1),l.addEventListener(\"DOMContentLoaded\",function(){for(var e,t,s=l.querySelectorAll(\"iframe.wp-embedded-content\"),r=0;r<s.length;r++)(t=(e=s[r]).getAttribute(\"data-secret\"))||(t=Math.random().toString(36).substring(2,12),e.src+=\"#?secret=\"+t,e.setAttribute(\"data-secret\",t)),e.contentWindow.postMessage({message:\"ready\",secret:t},\"*\")},!1)))}(window,document);\n\/\/# sourceURL=https:\/\/urvistahermosainternational.com\/de\/wp-includes\/js\/wp-embed.min.js\n<\/script>\n","description":"Heute, Freitag, den 22.M\u00e4rz ab 16.30 Uhr wird Dr. Javier Garc\u00eda Planels eine Konferenz \u00fcber das \u201eFragiles-X-Syndrom in assistierter Reproduktion\u201c halten. Das geh\u00f6rt zum Rahmen der speziellen Konferenzen, die der Lehrstuhl f\u00fcr Reproduktives Biomedizin der Universit\u00e4t Miguel Hern\u00e1ndez zusammen mit der Einheiten der Reproduktion und Genetik von der Klinik Vistahermosa\u00a0 organisiert hat. Dr. Garc\u00eda Planels [&hellip;]"}